{"version":"1.0","provider_name":"Zeitgeist? Frei!","provider_url":"https:\/\/www.inkultura-online.de\/politisch_unkorrekt","author_name":"Orator","author_url":"https:\/\/www.inkultura-online.de\/politisch_unkorrekt\/author\/1korrektor21-2\/","title":"Rechtsstaat? - Zeitgeist? Frei!","type":"rich","width":600,"height":338,"html":"<blockquote class=\"wp-embedded-content\" data-secret=\"KcjuH2AfMs\"><a href=\"https:\/\/www.inkultura-online.de\/politisch_unkorrekt\/rechtsstaat\/\">Rechtsstaat?<\/a><\/blockquote><iframe sandbox=\"allow-scripts\" security=\"restricted\" src=\"https:\/\/www.inkultura-online.de\/politisch_unkorrekt\/rechtsstaat\/embed\/#?secret=KcjuH2AfMs\" width=\"600\" height=\"338\" title=\"&#8222;Rechtsstaat?&#8220; &#8211; Zeitgeist? Frei!\" data-secret=\"KcjuH2AfMs\" frameborder=\"0\" marginwidth=\"0\" marginheight=\"0\" scrolling=\"no\" class=\"wp-embedded-content\"><\/iframe><script type=\"text\/javascript\">\n\/* <![CDATA[ *\/\n\/*! This file is auto-generated *\/\n!function(d,l){\"use strict\";l.querySelector&&d.addEventListener&&\"undefined\"!=typeof URL&&(d.wp=d.wp||{},d.wp.receiveEmbedMessage||(d.wp.receiveEmbedMessage=function(e){var t=e.data;if((t||t.secret||t.message||t.value)&&!\/[^a-zA-Z0-9]\/.test(t.secret)){for(var s,r,n,a=l.querySelectorAll('iframe[data-secret=\"'+t.secret+'\"]'),o=l.querySelectorAll('blockquote[data-secret=\"'+t.secret+'\"]'),c=new RegExp(\"^https?:$\",\"i\"),i=0;i<o.length;i++)o[i].style.display=\"none\";for(i=0;i<a.length;i++)s=a[i],e.source===s.contentWindow&&(s.removeAttribute(\"style\"),\"height\"===t.message?(1e3<(r=parseInt(t.value,10))?r=1e3:~~r<200&&(r=200),s.height=r):\"link\"===t.message&&(r=new URL(s.getAttribute(\"src\")),n=new URL(t.value),c.test(n.protocol))&&n.host===r.host&&l.activeElement===s&&(d.top.location.href=t.value))}},d.addEventListener(\"message\",d.wp.receiveEmbedMessage,!1),l.addEventListener(\"DOMContentLoaded\",function(){for(var e,t,s=l.querySelectorAll(\"iframe.wp-embedded-content\"),r=0;r<s.length;r++)(t=(e=s[r]).getAttribute(\"data-secret\"))||(t=Math.random().toString(36).substring(2,12),e.src+=\"#?secret=\"+t,e.setAttribute(\"data-secret\",t)),e.contentWindow.postMessage({message:\"ready\",secret:t},\"*\")},!1)))}(window,document);\n\/\/# sourceURL=https:\/\/www.inkultura-online.de\/politisch_unkorrekt\/wp-includes\/js\/wp-embed.min.js\n\/* ]]> *\/\n<\/script>\n","description":"Es sagt viel aus \u00fcber unseren sog. Rechtsstaat, wenn einige verwirrte Hansels planen, Panikkalle zu entf\u00fchren und das prompt die geballte Staatsmacht auf den Plan ruft und bundesweit T\u00fcren eintreten l\u00e4sst. Wenn jedoch die kaum der Mutterbrust entw\u00f6hnten Weicheier der &hellip; Weiterlesen &rarr;"}