{"version":"1.0","provider_name":"Zeitgeist? Frei!","provider_url":"https:\/\/www.inkultura-online.de\/politisch_unkorrekt","author_name":"Orator","author_url":"https:\/\/www.inkultura-online.de\/politisch_unkorrekt\/author\/1korrektor21-2\/","title":"Unf\u00e4hig zur (Selbst)Verteidigung - Zeitgeist? Frei!","type":"rich","width":600,"height":338,"html":"<blockquote class=\"wp-embedded-content\" data-secret=\"YezBgXYHKV\"><a href=\"https:\/\/www.inkultura-online.de\/politisch_unkorrekt\/unfaehig-zur-selbstverteidigung\/\">Unf\u00e4hig zur (Selbst)Verteidigung<\/a><\/blockquote><iframe sandbox=\"allow-scripts\" security=\"restricted\" src=\"https:\/\/www.inkultura-online.de\/politisch_unkorrekt\/unfaehig-zur-selbstverteidigung\/embed\/#?secret=YezBgXYHKV\" width=\"600\" height=\"338\" title=\"&#8222;Unf\u00e4hig zur (Selbst)Verteidigung&#8220; &#8211; Zeitgeist? Frei!\" data-secret=\"YezBgXYHKV\" frameborder=\"0\" marginwidth=\"0\" marginheight=\"0\" scrolling=\"no\" class=\"wp-embedded-content\"><\/iframe><script type=\"text\/javascript\">\n\/* <![CDATA[ *\/\n\/*! This file is auto-generated *\/\n!function(d,l){\"use strict\";l.querySelector&&d.addEventListener&&\"undefined\"!=typeof URL&&(d.wp=d.wp||{},d.wp.receiveEmbedMessage||(d.wp.receiveEmbedMessage=function(e){var t=e.data;if((t||t.secret||t.message||t.value)&&!\/[^a-zA-Z0-9]\/.test(t.secret)){for(var s,r,n,a=l.querySelectorAll('iframe[data-secret=\"'+t.secret+'\"]'),o=l.querySelectorAll('blockquote[data-secret=\"'+t.secret+'\"]'),c=new RegExp(\"^https?:$\",\"i\"),i=0;i<o.length;i++)o[i].style.display=\"none\";for(i=0;i<a.length;i++)s=a[i],e.source===s.contentWindow&&(s.removeAttribute(\"style\"),\"height\"===t.message?(1e3<(r=parseInt(t.value,10))?r=1e3:~~r<200&&(r=200),s.height=r):\"link\"===t.message&&(r=new URL(s.getAttribute(\"src\")),n=new URL(t.value),c.test(n.protocol))&&n.host===r.host&&l.activeElement===s&&(d.top.location.href=t.value))}},d.addEventListener(\"message\",d.wp.receiveEmbedMessage,!1),l.addEventListener(\"DOMContentLoaded\",function(){for(var e,t,s=l.querySelectorAll(\"iframe.wp-embedded-content\"),r=0;r<s.length;r++)(t=(e=s[r]).getAttribute(\"data-secret\"))||(t=Math.random().toString(36).substring(2,12),e.src+=\"#?secret=\"+t,e.setAttribute(\"data-secret\",t)),e.contentWindow.postMessage({message:\"ready\",secret:t},\"*\")},!1)))}(window,document);\n\/\/# sourceURL=https:\/\/www.inkultura-online.de\/politisch_unkorrekt\/wp-includes\/js\/wp-embed.min.js\n\/* ]]> *\/\n<\/script>\n","description":"Der Professor f\u00fcr Geschichte Osteuropas an der Humboldt-Universit\u00e4t zu Berlin, J\u00f6rg Baberowski, hat festgestellt, \u201e\u2026 dass M\u00e4nner in Deutschland gar nicht mehr wissen, wie man mit Gewalt umgeht\u201c. Wer angesichts der t\u00e4glich stattfindenden Attacken gelangweilter Fachkr\u00e4fte aus dem Ausland auf &hellip; Weiterlesen &rarr;"}